{"id":1587,"date":"2022-12-09T15:49:50","date_gmt":"2022-12-09T15:49:50","guid":{"rendered":"https:\/\/www.artsoulgroup.com\/portoas1829hotel\/?page_id=1587"},"modified":"2025-12-22T13:32:45","modified_gmt":"2025-12-22T13:32:45","slug":"le-nouvel-an-chez-galeria-do-largo","status":"publish","type":"page","link":"https:\/\/www.artsoulgroup.com\/portoas1829hotel\/fr\/le-nouvel-an-chez-galeria-do-largo\/","title":{"rendered":"Le Nouvel An chez Galeria do Largo"},"content":{"rendered":"\t\t<div data-elementor-type=\"wp-page\" data-elementor-id=\"1587\" class=\"elementor elementor-1587\">\n\t\t\t\t\t\t<section class=\"elementor-section elementor-top-section elementor-element elementor-element-105a0c7 elementor-section-full_width elementor-section-stretched elementor-section-items-stretch elementor-section-height-min-height elementor-section-height-default elementor-section-column-vertical-align-stretch exad-glass-effect-no exad-sticky-section-no\" data-id=\"105a0c7\" data-element_type=\"section\" data-e-type=\"section\" data-settings=\"{&quot;stretch_section&quot;:&quot;section-stretched&quot;}\">\n\t\t\t\t\t\t<div class=\"elementor-container elementor-column-gap-no\">\n\t\t\t\t\t<div class=\"elementor-column elementor-col-100 elementor-top-column elementor-element elementor-element-32af76f exad-glass-effect-no exad-sticky-section-no\" data-id=\"32af76f\" data-element_type=\"column\" data-e-type=\"column\">\n\t\t\t<div class=\"elementor-widget-wrap elementor-element-populated\">\n\t\t\t\t\t\t<div class=\"elementor-element elementor-element-6f9e189 elementor-hidden-mobile exad-sticky-section-no exad-glass-effect-no elementor-widget elementor-widget-video\" data-id=\"6f9e189\" data-element_type=\"widget\" data-e-type=\"widget\" data-settings=\"{&quot;video_type&quot;:&quot;hosted&quot;,&quot;end&quot;:&quot;21&quot;,&quot;autoplay&quot;:&quot;yes&quot;,&quot;mute&quot;:&quot;yes&quot;,&quot;loop&quot;:&quot;yes&quot;}\" data-widget_type=\"video.default\">\n\t\t\t\t<div class=\"elementor-widget-container\">\n\t\t\t\t\t\t\t<div class=\"e-hosted-video elementor-wrapper elementor-open-inline\">\n\t\t\t\t\t<video class=\"elementor-video\" src=\"https:\/\/www.artsoulgroup.com\/portoas1829hotel\/wp-content\/uploads\/videos\/pda-galeria-2023.mp4#t=,21\" autoplay=\"\" loop=\"\" muted=\"muted\" controlsList=\"nodownload\" poster=\"https:\/\/www.artsoulgroup.com\/portoas1829hotel\/wp-content\/uploads\/sites\/4\/2022\/12\/pda-porto-2022.jpg\"><\/video>\n\t\t\t\t<\/div>\n\t\t\t\t\t\t<\/div>\n\t\t\t\t<\/div>\n\t\t\t\t<div class=\"elementor-element elementor-element-2d686ce elementor-hidden-desktop elementor-hidden-tablet exad-sticky-section-no exad-glass-effect-no elementor-widget elementor-widget-image\" data-id=\"2d686ce\" data-element_type=\"widget\" data-e-type=\"widget\" data-widget_type=\"image.default\">\n\t\t\t\t<div class=\"elementor-widget-container\">\n\t\t\t\t\t\t\t\t\t\t\t\t\t\t\t<img fetchpriority=\"high\" decoding=\"async\" width=\"1920\" height=\"1282\" src=\"https:\/\/www.artsoulgroup.com\/portoas1829hotel\/wp-content\/uploads\/sites\/4\/2022\/12\/pda-porto-2022.jpg\" class=\"attachment-full size-full wp-image-1422\" alt=\"Passagem de Ano no Porto 2022\" srcset=\"https:\/\/www.artsoulgroup.com\/portoas1829hotel\/wp-content\/uploads\/sites\/4\/2022\/12\/pda-porto-2022.jpg 1920w, https:\/\/www.artsoulgroup.com\/portoas1829hotel\/wp-content\/uploads\/sites\/4\/2022\/12\/pda-porto-2022-300x200.jpg 300w, https:\/\/www.artsoulgroup.com\/portoas1829hotel\/wp-content\/uploads\/sites\/4\/2022\/12\/pda-porto-2022-1024x684.jpg 1024w, https:\/\/www.artsoulgroup.com\/portoas1829hotel\/wp-content\/uploads\/sites\/4\/2022\/12\/pda-porto-2022-768x513.jpg 768w, https:\/\/www.artsoulgroup.com\/portoas1829hotel\/wp-content\/uploads\/sites\/4\/2022\/12\/pda-porto-2022-1536x1026.jpg 1536w\" sizes=\"(max-width: 1920px) 100vw, 1920px\" \/>\t\t\t\t\t\t\t\t\t\t\t\t\t\t\t<\/div>\n\t\t\t\t<\/div>\n\t\t\t\t\t<\/div>\n\t\t<\/div>\n\t\t\t\t\t<\/div>\n\t\t<\/section>\n\t\t\t\t<section class=\"elementor-section elementor-top-section elementor-element elementor-element-2bcd76b elementor-section-boxed elementor-section-gap-beside-yes elementor-section-height-default elementor-section-height-default elementor-section-content-align-center elementor-section-column-vertical-align-stretch exad-glass-effect-no exad-sticky-section-no\" data-id=\"2bcd76b\" data-element_type=\"section\" data-e-type=\"section\">\n\t\t\t\t\t\t<div class=\"elementor-container elementor-column-gap-extended\">\n\t\t\t\t\t<div class=\"elementor-column elementor-col-100 elementor-top-column elementor-element elementor-element-66567ea exad-glass-effect-no exad-sticky-section-no\" data-id=\"66567ea\" data-element_type=\"column\" data-e-type=\"column\">\n\t\t\t<div class=\"elementor-widget-wrap elementor-element-populated\">\n\t\t\t\t\t\t<div class=\"elementor-element elementor-element-bba191e exad-sticky-section-no exad-glass-effect-no elementor-widget elementor-widget-nuss-heading\" data-id=\"bba191e\" data-element_type=\"widget\" data-e-type=\"widget\" data-widget_type=\"nuss-heading.default\">\n\t\t\t\t<div class=\"elementor-widget-container\">\n\t\t\t\t\t\t\t<div class=\"nuss-modern-heading\">\r\n\t\t\t\t\t\t<div class=\"heading-secondary-wrap\">\r\n\t\t\t\t<h4 class=\"heading-secondary elementor-heading-title\">LE NOUVEL AN EST PRESQUE L\u00c0 !\n<\/h4>\t\t\t<\/div>\r\n\t\t\r\n\t\t\t\t\t\t<div class=\"heading-primary-wrap\">\r\n\t\t\t\t<h2 class=\"heading-primary elementor-heading-title\">Cette ann\u00e9e, votre r\u00e9veillon est chez Galeria do Largo !\n<\/h2>\t\t\t<\/div>\r\n\t\t\r\n\t\t\t\r\n\t\t\t\t\t\t<div class=\"heading-description-wrap\">\r\n\t\t\t\t<div class=\"heading-description\">\r\n\t\t\t\t\t<p>La fin de l'ann\u00e9e est l'occasion de prendre des r\u00e9solutions, mais aussi de renouer des liens avec des personnes sp\u00e9ciales dans des espaces sp\u00e9ciaux.<\/p>\t\t\t\t<\/div>\r\n\t\t\t<\/div>\r\n\t\t\t\t<\/div>\r\n\t\t\t\t\t<\/div>\n\t\t\t\t<\/div>\n\t\t\t\t\t<\/div>\n\t\t<\/div>\n\t\t\t\t\t<\/div>\n\t\t<\/section>\n\t\t\t\t<section class=\"elementor-section elementor-top-section elementor-element elementor-element-c7d0747 elementor-section-full_width elementor-section-height-default elementor-section-height-default elementor-section-column-vertical-align-stretch exad-glass-effect-no exad-sticky-section-no\" data-id=\"c7d0747\" data-element_type=\"section\" data-e-type=\"section\">\n\t\t\t\t\t\t<div class=\"elementor-container elementor-column-gap-no\">\n\t\t\t\t\t<div class=\"elementor-column elementor-col-25 elementor-top-column elementor-element elementor-element-8d5c555 exad-glass-effect-no exad-sticky-section-no\" data-id=\"8d5c555\" data-element_type=\"column\" data-e-type=\"column\" data-settings=\"{&quot;background_background&quot;:&quot;classic&quot;}\">\n\t\t\t<div class=\"elementor-widget-wrap\">\n\t\t\t\t\t\t\t<\/div>\n\t\t<\/div>\n\t\t\t\t<div class=\"elementor-column elementor-col-50 elementor-top-column elementor-element elementor-element-d65bb8a exad-glass-effect-no exad-sticky-section-no\" data-id=\"d65bb8a\" data-element_type=\"column\" data-e-type=\"column\" data-settings=\"{&quot;background_background&quot;:&quot;classic&quot;}\">\n\t\t\t<div class=\"elementor-widget-wrap elementor-element-populated\">\n\t\t\t\t\t\t<div class=\"elementor-element elementor-element-5413ee8 exad-sticky-section-no exad-glass-effect-no elementor-widget elementor-widget-nuss-heading\" data-id=\"5413ee8\" data-element_type=\"widget\" data-e-type=\"widget\" data-widget_type=\"nuss-heading.default\">\n\t\t\t\t<div class=\"elementor-widget-container\">\n\t\t\t\t\t\t\t<div class=\"nuss-modern-heading\">\r\n\t\t\t\t\t\t<div class=\"heading-secondary-wrap\">\r\n\t\t\t\t<h4 class=\"heading-secondary elementor-heading-title\">Le nouvel an<\/h4>\t\t\t<\/div>\r\n\t\t\r\n\t\t\t\t\t\t<div class=\"heading-primary-wrap\">\r\n\t\t\t\t<h2 class=\"heading-primary elementor-heading-title\">Carte<\/h2>\t\t\t<\/div>\r\n\t\t\r\n\t\t\t\r\n\t\t\t\t\t\t<div class=\"heading-description-wrap\">\r\n\t\t\t\t<div class=\"heading-description\">\r\n\t\t\t\t\t<p>31 D\u00e9cembre 2025<br \/>19h30<\/p>\t\t\t\t<\/div>\r\n\t\t\t<\/div>\r\n\t\t\t\t<\/div>\r\n\t\t\t\t\t<\/div>\n\t\t\t\t<\/div>\n\t\t\t\t<div class=\"elementor-element elementor-element-8fca9e1 elementor-align-center exad-sticky-section-no exad-glass-effect-no elementor-widget elementor-widget-nuss-separator\" data-id=\"8fca9e1\" data-element_type=\"widget\" data-e-type=\"widget\" data-widget_type=\"nuss-separator.default\">\n\t\t\t\t<div class=\"elementor-widget-container\">\n\t\t\t\t\t\t\t<div class=\"nuss-separator horizontal-line\">\r\n\t\t\t<div class=\"inner\"><\/div>\r\n\t\t<\/div>\r\n\t\t\t\t\t\t<\/div>\n\t\t\t\t<\/div>\n\t\t\t\t<div class=\"elementor-element elementor-element-ace4bae exad-sticky-section-no exad-glass-effect-no elementor-widget elementor-widget-nuss-attribute-list\" data-id=\"ace4bae\" data-element_type=\"widget\" data-e-type=\"widget\" data-widget_type=\"nuss-attribute-list.default\">\n\t\t\t\t<div class=\"elementor-widget-container\">\n\t\t\t\t\t\t\t<div class=\"nuss-attribute-list style-01 layout-block\">\r\n\t\t\t<div class=\"inner\">\r\n\t\t\t\t<div class=\"list\">\r\n\t\t\t\t\t\t\t\t\t\t\t\t<div class=\"item\">\r\n\t\t\t\t\t\t\t\t<h6 class=\"name\">Verre de bienvenue<\/h6>\r\n\t\t\t\t\t\t\t\t<div class=\"value\">Jus d'orange frais, Vin de Porto Blanc, Porto Tonique (Blanc ou Rouge)\n\n<\/div>\r\n\t\t\t\t\t\t\t<\/div>\r\n\t\t\t\t\t\t\t\t\t\t\t\t\t\t<div class=\"item\">\r\n\t\t\t\t\t\t\t\t<h6 class=\"name\">Couvert<\/h6>\r\n\t\t\t\t\t\t\t\t<div class=\"value\">Pain artisanal, Huile d\u2019Olive, Beurre, Olives \n<\/div>\r\n\t\t\t\t\t\t\t<\/div>\r\n\t\t\t\t\t\t\t\t\t\t\t\t\t\t<div class=\"item\">\r\n\t\t\t\t\t\t\t\t<h6 class=\"name\">Amuse-bouche<\/h6>\r\n\t\t\t\t\t\t\t\t<div class=\"value\">Entre Terre et Mer<\/div>\r\n\t\t\t\t\t\t\t<\/div>\r\n\t\t\t\t\t\t\t\t\t\t\t\t\t\t<div class=\"item\">\r\n\t\t\t\t\t\t\t\t<h6 class=\"name\">Entr\u00e9e<\/h6>\r\n\t\t\t\t\t\t\t\t<div class=\"value\">Pastel de Nata au c\u00e9leri, Caviar Osci\u00e8tre\n<\/div>\r\n\t\t\t\t\t\t\t<\/div>\r\n\t\t\t\t\t\t\t\t\t\t\t\t\t\t<div class=\"item\">\r\n\t\t\t\t\t\t\t\t<h6 class=\"name\">Soupe<\/h6>\r\n\t\t\t\t\t\t\t\t<div class=\"value\">Bisque de Crevettes, Gressins Feuillet\u00e9s, Corail de Saint-Jacques<\/div>\r\n\t\t\t\t\t\t\t<\/div>\r\n\t\t\t\t\t\t\t\t\t\t\t\t\t\t<div class=\"item\">\r\n\t\t\t\t\t\t\t\t<h6 class=\"name\"><\/h6>\r\n\t\t\t\t\t\t\t\t<div class=\"value\"><b>Vin Mousseux Quinta Santa Cristina<\/b><\/div>\r\n\t\t\t\t\t\t\t<\/div>\r\n\t\t\t\t\t\t\t\t\t\t\t\t\t\t<div class=\"item\">\r\n\t\t\t\t\t\t\t\t<h6 class=\"name\">Poisson<\/h6>\r\n\t\t\t\t\t\t\t\t<div class=\"value\">Lotte, Petits Pois, Beurre Blanc, \u0152ufs de Saumon\n<\/div>\r\n\t\t\t\t\t\t\t<\/div>\r\n\t\t\t\t\t\t\t\t\t\t\t\t\t\t<div class=\"item\">\r\n\t\t\t\t\t\t\t\t<h6 class=\"name\"><\/h6>\r\n\t\t\t\t\t\t\t\t<div class=\"value\"><b>Castro Superior Branco (Vin blanc)<\/b><\/div>\r\n\t\t\t\t\t\t\t<\/div>\r\n\t\t\t\t\t\t\t\t\t\t\t\t\t\t<div class=\"item\">\r\n\t\t\t\t\t\t\t\t<h6 class=\"name\">Viande<\/h6>\r\n\t\t\t\t\t\t\t\t<div class=\"value\">B\u0153uf Angus, Pommes de Terre Anna, Racine de Persil, Asperges, Sauce au Mad\u00e8re\n<\/div>\r\n\t\t\t\t\t\t\t<\/div>\r\n\t\t\t\t\t\t\t\t\t\t\t\t\t\t<div class=\"item\">\r\n\t\t\t\t\t\t\t\t<h6 class=\"name\"><\/h6>\r\n\t\t\t\t\t\t\t\t<div class=\"value\"><b>Castro Superior Tinto (Vin rouge)<\/b><\/div>\r\n\t\t\t\t\t\t\t<\/div>\r\n\t\t\t\t\t\t\t\t\t\t\t\t\t\t<div class=\"item\">\r\n\t\t\t\t\t\t\t\t<h6 class=\"name\">Pr\u00e9dessert<\/h6>\r\n\t\t\t\t\t\t\t\t<div class=\"value\">Fromage 'Terrincho Velho' (AOP), Abricot, Crumble de <em>Bolo Teixeira<\/em>  (g\u00e2teau traditionnel \u00e0 la cannelle)<\/div>\r\n\t\t\t\t\t\t\t<\/div>\r\n\t\t\t\t\t\t\t\t\t\t\t\t\t\t<div class=\"item\">\r\n\t\t\t\t\t\t\t\t<h6 class=\"name\">Dessert<\/h6>\r\n\t\t\t\t\t\t\t\t<div class=\"value\">Chocolat, Noisette, Framboise<\/div>\r\n\t\t\t\t\t\t\t<\/div>\r\n\t\t\t\t\t\t\t\t\t\t\t\t\t\t<div class=\"item\">\r\n\t\t\t\t\t\t\t\t<h6 class=\"name\"><\/h6>\r\n\t\t\t\t\t\t\t\t<div class=\"value\"><b>Porto Ruby Reserva<\/b><\/div>\r\n\t\t\t\t\t\t\t<\/div>\r\n\t\t\t\t\t\t\t\t\t\t\t\t\t\t<div class=\"item\">\r\n\t\t\t\t\t\t\t\t<h6 class=\"name\"><\/h6>\r\n\t\t\t\t\t\t\t\t<div class=\"value\">Petit-four et Caf\u00e9<\/b><\/div>\r\n\t\t\t\t\t\t\t<\/div>\r\n\t\t\t\t\t\t\t\t\t\t\t\t\t\t<div class=\"item\">\r\n\t\t\t\t\t\t\t\t<h6 class=\"name\">V\u00e9g\u00e9tarien<\/h6>\r\n\t\t\t\t\t\t\t\t<div class=\"value\"><\/div>\r\n\t\t\t\t\t\t\t<\/div>\r\n\t\t\t\t\t\t\t\t\t\t\t<\/div>\r\n\t\t\t<\/div>\r\n\t\t<\/div>\r\n\t\t\t\t\t\t<\/div>\n\t\t\t\t<\/div>\n\t\t\t\t<div class=\"elementor-element elementor-element-43b2e72 exad-sticky-section-no exad-glass-effect-no elementor-widget elementor-widget-toggle\" data-id=\"43b2e72\" data-element_type=\"widget\" data-e-type=\"widget\" data-widget_type=\"toggle.default\">\n\t\t\t\t<div class=\"elementor-widget-container\">\n\t\t\t\t\t\t\t<div class=\"elementor-toggle\">\n\t\t\t\t\t\t\t<div class=\"elementor-toggle-item\">\n\t\t\t\t\t<div id=\"elementor-tab-title-7091\" class=\"elementor-tab-title\" data-tab=\"1\" role=\"button\" aria-controls=\"elementor-tab-content-7091\" aria-expanded=\"false\">\n\t\t\t\t\t\t\t\t\t\t\t\t<span class=\"elementor-toggle-icon elementor-toggle-icon-left\" aria-hidden=\"true\">\n\t\t\t\t\t\t\t\t\t\t\t\t\t\t\t<span class=\"elementor-toggle-icon-closed\"><i class=\"fal fa-plus\"><\/i><\/span>\n\t\t\t\t\t\t\t\t<span class=\"elementor-toggle-icon-opened\"><i class=\"elementor-toggle-icon-opened fal fa-minus\"><\/i><\/span>\n\t\t\t\t\t\t\t\t\t\t\t\t\t<\/span>\n\t\t\t\t\t\t\t\t\t\t\t\t<a class=\"elementor-toggle-title\" tabindex=\"0\">Voir options<\/a>\n\t\t\t\t\t<\/div>\n\n\t\t\t\t\t<div id=\"elementor-tab-content-7091\" class=\"elementor-tab-content elementor-clearfix\" data-tab=\"1\" role=\"region\" aria-labelledby=\"elementor-tab-title-7091\"><p><b>Welcome drink<br \/>Jus d&#8217;orange frais, Vin de Porto Blanc, Porto Tonique (Blanc ou Rouge)<br \/><b><\/b><\/b><\/p><p>Couvert<br \/>Pain Artisanal, Huile d\u2019Olive, Beurre, Olives<\/p><p>Amuse-bouche<br \/>Poire et Gorgonzola<\/p><p>Entr\u00e9e<br \/>Pastel de Nata au c\u00e9leri, Tartare de Tomate<\/p><p>Soupe<br \/>Cr\u00e8me de Chou-Fleur, Champignons et Caf\u00e9, Gressins aux Olives<\/p><p><b>Vin Mousseux Quinta Santa Cristina<\/b><\/p><p>1er Moment<br \/>Chou-Fleur, Petits Pois, Perles de L\u00e9gumes, Beurre Blanc<\/p><p><b>Castro Superior Branco (Vin blanc)<\/b><\/p><p>2\u00e8me Moment<br \/>Raviolis au Champignons et \u00e0 la Ricotta, Oignons Caram\u00e9lis\u00e9s, Basilic<\/p><p><b>Castro Superior Tinto (Vin rouge)<\/b><\/p><p>Pr\u00e9dessert<br \/>Fromage &#8216;Terrincho Velho&#8217; (AOP), Abricot, Crumble de <em>Bolo Teixeira<\/em> (g\u00e2teau traditionnel \u00e0 la cannelle)<\/p><p>Dessert<br \/>Chocolat, Noisette, Framboise<\/p><p><b>Porto Ruby Reserva<\/b><\/p><p>Petit-four et Caf\u00e9<\/p><\/div>\n\t\t\t\t<\/div>\n\t\t\t\t\t\t\t\t<\/div>\n\t\t\t\t\t\t<\/div>\n\t\t\t\t<\/div>\n\t\t\t\t<div class=\"elementor-element elementor-element-ef30236 exad-sticky-section-no exad-glass-effect-no elementor-widget elementor-widget-nuss-attribute-list\" data-id=\"ef30236\" data-element_type=\"widget\" data-e-type=\"widget\" data-widget_type=\"nuss-attribute-list.default\">\n\t\t\t\t<div class=\"elementor-widget-container\">\n\t\t\t\t\t\t\t<div class=\"nuss-attribute-list style-01 layout-block\">\r\n\t\t\t<div class=\"inner\">\r\n\t\t\t\t<div class=\"list\">\r\n\t\t\t\t\t\t\t\t\t\t\t\t<div class=\"item\">\r\n\t\t\t\t\t\t\t\t<h6 class=\"name\"><\/h6>\r\n\t\t\t\t\t\t\t\t<div class=\"value\">Eau min\u00e9rale . Caf\u00e9 ou th\u00e9<\/div>\r\n\t\t\t\t\t\t\t<\/div>\r\n\t\t\t\t\t\t\t\t\t\t\t<\/div>\r\n\t\t\t<\/div>\r\n\t\t<\/div>\r\n\t\t\t\t\t\t<\/div>\n\t\t\t\t<\/div>\n\t\t\t\t<div class=\"elementor-element elementor-element-5a1c5ef elementor-align-center exad-sticky-section-no exad-glass-effect-no elementor-widget elementor-widget-nuss-separator\" data-id=\"5a1c5ef\" data-element_type=\"widget\" data-e-type=\"widget\" data-widget_type=\"nuss-separator.default\">\n\t\t\t\t<div class=\"elementor-widget-container\">\n\t\t\t\t\t\t\t<div class=\"nuss-separator horizontal-line\">\r\n\t\t\t<div class=\"inner\"><\/div>\r\n\t\t<\/div>\r\n\t\t\t\t\t\t<\/div>\n\t\t\t\t<\/div>\n\t\t\t\t<div class=\"elementor-element elementor-element-7d56451 nuss-icon-box-style-03 nuss-view-default elementor-position-top exad-sticky-section-no exad-glass-effect-no elementor-widget elementor-widget-nuss-icon-box\" data-id=\"7d56451\" data-element_type=\"widget\" data-e-type=\"widget\" data-widget_type=\"nuss-icon-box.default\">\n\t\t\t\t<div class=\"elementor-widget-container\">\n\t\t\t\t\t\t\t<div class=\"nuss-icon-box nuss-box\">\r\n\t\t<div class=\"icon-box-wrapper\">\r\n\t\t\t\t\t\t\t<div class=\"nuss-icon-wrap\">\r\n\t\t\t\t\t<div class=\"nuss-icon-view\">\r\n\t\t\t\t\t\t<div class=\"nuss-icon icon nuss-solid-icon\">\r\n\t\t\t\t\t\t\t<i aria-hidden=\"true\" class=\"far fa-tag\"><\/i>\t\t\t\t\t\t<\/div>\r\n\t\t\t\t\t<\/div>\r\n\t\t\t\t<\/div>\r\n\t\t\t\r\n\t\t\t<div class=\"icon-box-content\">\r\n\t\t\t\t\t\t\t\t<div class=\"heading-wrap\">\r\n\t\t\t\t\t<h3 class=\"heading\">150\u20ac <\/h3>\r\n\t\t\t\t\t\t\t\t\t<\/div>\r\n\t\t\t\r\n\t\t\t\t\t\t\t\t<div class=\"description-wrap\">\r\n\t\t\t\t\t<div class=\"description\">\r\n\t\t\t\t\t\tPar personne avec boissons\t\t\t\t\t<\/div>\r\n\t\t\t\t<\/div>\r\n\t\t\r\n\t\t\t\t\t\t\t<\/div>\r\n\t\t<\/div>\r\n\r\n\t\t<\/div>\t\t\t\t\t<\/div>\n\t\t\t\t<\/div>\n\t\t\t\t<div class=\"elementor-element elementor-element-59c9e6f exad-sticky-section-no exad-glass-effect-no elementor-widget elementor-widget-text-editor\" data-id=\"59c9e6f\" data-element_type=\"widget\" data-e-type=\"widget\" data-widget_type=\"text-editor.default\">\n\t\t\t\t<div class=\"elementor-widget-container\">\n\t\t\t\t\t\t\t\t\t<p>Menu pour les enfants<br \/>(Jusqu&#8217;\u00e0 3 ans &#8211; menu gratuit ; jusqu&#8217;\u00e0 13 ans &#8211; 99\u20ac)<\/p>\t\t\t\t\t\t\t\t<\/div>\n\t\t\t\t<\/div>\n\t\t\t\t\t<\/div>\n\t\t<\/div>\n\t\t\t\t<div class=\"elementor-column elementor-col-25 elementor-top-column elementor-element elementor-element-a44028e exad-glass-effect-no exad-sticky-section-no\" data-id=\"a44028e\" data-element_type=\"column\" data-e-type=\"column\" data-settings=\"{&quot;background_background&quot;:&quot;classic&quot;}\">\n\t\t\t<div class=\"elementor-widget-wrap\">\n\t\t\t\t\t\t\t<\/div>\n\t\t<\/div>\n\t\t\t\t\t<\/div>\n\t\t<\/section>\n\t\t\t\t<section class=\"elementor-section elementor-top-section elementor-element elementor-element-348bc3a elementor-section-boxed elementor-section-gap-beside-yes elementor-section-height-default elementor-section-height-default elementor-section-content-align-center elementor-section-column-vertical-align-stretch exad-glass-effect-no exad-sticky-section-no\" data-id=\"348bc3a\" data-element_type=\"section\" data-e-type=\"section\">\n\t\t\t\t\t\t<div class=\"elementor-container elementor-column-gap-extended\">\n\t\t\t\t\t<div class=\"elementor-column elementor-col-100 elementor-top-column elementor-element elementor-element-e9dc9ad exad-glass-effect-no exad-sticky-section-no\" data-id=\"e9dc9ad\" data-element_type=\"column\" data-e-type=\"column\">\n\t\t\t<div class=\"elementor-widget-wrap elementor-element-populated\">\n\t\t\t\t\t\t<div class=\"elementor-element elementor-element-f19a2c5 exad-sticky-section-no exad-glass-effect-no elementor-widget elementor-widget-nuss-heading\" data-id=\"f19a2c5\" data-element_type=\"widget\" data-e-type=\"widget\" data-widget_type=\"nuss-heading.default\">\n\t\t\t\t<div class=\"elementor-widget-container\">\n\t\t\t\t\t\t\t<div class=\"nuss-modern-heading\">\r\n\t\t\t\t\t\t<div class=\"heading-secondary-wrap\">\r\n\t\t\t\t<h4 class=\"heading-secondary elementor-heading-title\">reservations<\/h4>\t\t\t<\/div>\r\n\t\t\r\n\t\t\t\r\n\t\t\t\r\n\t\t\t\t\t\t<div class=\"heading-description-wrap\">\r\n\t\t\t\t<div class=\"heading-description\">\r\n\t\t\t\t\t<p>Appelez-nous \u00e0 +351 223 402 740, envoyez email <a href=\"mailto:as1829@artsoulgroup.com\">as1829@artsoulgroup.com<\/a> ou<\/p>\t\t\t\t<\/div>\r\n\t\t\t<\/div>\r\n\t\t\t\t<\/div>\r\n\t\t\t\t\t<\/div>\n\t\t\t\t<\/div>\n\t\t\t\t<div class=\"elementor-element elementor-element-c4830fb exad-sticky-section-no exad-glass-effect-no elementor-widget elementor-widget-button\" data-id=\"c4830fb\" data-element_type=\"widget\" data-e-type=\"widget\" data-widget_type=\"button.default\">\n\t\t\t\t<div class=\"elementor-widget-container\">\n\t\t\t\t\t\t\t\t\t<div class=\"elementor-button-wrapper\">\n\t\t\t\t\t<a class=\"elementor-button elementor-button-link elementor-size-md\" href=\"https:\/\/form.jotform.com\/ArtSoulGroup\/reservas-galeria-do-largo\" target=\"_blank\">\n\t\t\t\t\t\t<span class=\"elementor-button-content-wrapper\">\n\t\t\t\t\t\t\t\t\t<span class=\"elementor-button-text\">JE VEUX RESERVER<\/span>\n\t\t\t\t\t<\/span>\n\t\t\t\t\t<\/a>\n\t\t\t\t<\/div>\n\t\t\t\t\t\t\t\t<\/div>\n\t\t\t\t<\/div>\n\t\t\t\t\t<\/div>\n\t\t<\/div>\n\t\t\t\t\t<\/div>\n\t\t<\/section>\n\t\t\t\t<section class=\"elementor-section elementor-top-section elementor-element elementor-element-2ad778e elementor-section-full_width elementor-section-height-min-height elementor-section-items-stretch elementor-section-column-vertical-align-middle elementor-section-stretched elementor-section-height-default exad-glass-effect-no exad-sticky-section-no\" data-id=\"2ad778e\" data-element_type=\"section\" data-e-type=\"section\" data-settings=\"{&quot;stretch_section&quot;:&quot;section-stretched&quot;}\">\n\t\t\t\t\t\t<div class=\"elementor-container elementor-column-gap-no\">\n\t\t\t\t\t<div class=\"elementor-column elementor-col-100 elementor-top-column elementor-element elementor-element-9999125 exad-glass-effect-no exad-sticky-section-no\" data-id=\"9999125\" data-element_type=\"column\" data-e-type=\"column\">\n\t\t\t<div class=\"elementor-widget-wrap elementor-element-populated\">\n\t\t\t\t\t\t<div class=\"elementor-element elementor-element-1172754 bullets-v-align-below exad-sticky-section-no exad-glass-effect-no elementor-invisible nuss-elementor-loading nuss-slide-in-up elementor-widget elementor-widget-nuss-image-carousel\" data-id=\"1172754\" data-element_type=\"widget\" data-e-type=\"widget\" data-settings=\"{&quot;_animation&quot;:&quot;nussSlideInUp&quot;}\" data-widget_type=\"nuss-image-carousel.default\">\n\t\t\t\t<div class=\"elementor-widget-container\">\n\t\t\t\t\t\r\n\t\t<div  class=\"nuss-swiper nuss-slider-widget\" data-lg-items=\"3\" data-loop=\"1\" data-simulate-touch=\"1\" data-speed=\"1000\" data-effect=\"slide\">\r\n\t\t\t<div class=\"swiper-inner\">\r\n\r\n\t\t\t\t\r\n\t\t\t\t<div class=\"swiper-container swiper\">\r\n\t\t\t\t\t<div class=\"swiper-wrapper\">\r\n\t\t\t\t\t\t\t\t\t<div class=\"swiper-slide\">\r\n\t\t\t\t<div class=\"image\">\r\n\t\t\t\t\t<img decoding=\"async\"  src=\"https:\/\/www.artsoulgroup.com\/portoas1829hotel\/wp-content\/uploads\/sites\/4\/2022\/07\/Galeria-do-Largo_fachada-1024x512.jpg\" alt=\"Galeria do Largo_fachada\" \/>\t\t\t\t<\/div>\r\n\t\t\t<\/div>\r\n\t\t\t\t\t\t<div class=\"swiper-slide\">\r\n\t\t\t\t<div class=\"image\">\r\n\t\t\t\t\t<img decoding=\"async\"  src=\"https:\/\/www.artsoulgroup.com\/portoas1829hotel\/wp-content\/uploads\/sites\/4\/2022\/12\/websitev2-9-1024x684.jpg\" alt=\"Passagem de Ano no Galeria do Largo\" \/>\t\t\t\t<\/div>\r\n\t\t\t<\/div>\r\n\t\t\t\t\t\t<div class=\"swiper-slide\">\r\n\t\t\t\t<div class=\"image\">\r\n\t\t\t\t\t<img decoding=\"async\"  src=\"https:\/\/www.artsoulgroup.com\/portoas1829hotel\/wp-content\/uploads\/sites\/4\/2022\/07\/Araujo-e-Sobrinho-2.jpg\" alt=\"Retrato dos Fundadores\" \/>\t\t\t\t<\/div>\r\n\t\t\t<\/div>\r\n\t\t\t\t\t\t\t\t<\/div>\r\n\t\t\t\t<\/div>\r\n\r\n\t\t\t\t\r\n\t\t\t<\/div>\r\n\t\t<\/div>\r\n\t\t\t\t\t\t<\/div>\n\t\t\t\t<\/div>\n\t\t\t\t<div class=\"elementor-element elementor-element-770861f bullets-v-align-below exad-sticky-section-no exad-glass-effect-no elementor-invisible nuss-elementor-loading nuss-slide-in-up elementor-widget elementor-widget-nuss-image-carousel\" data-id=\"770861f\" data-element_type=\"widget\" data-e-type=\"widget\" data-settings=\"{&quot;_animation&quot;:&quot;nussSlideInUp&quot;}\" data-widget_type=\"nuss-image-carousel.default\">\n\t\t\t\t<div class=\"elementor-widget-container\">\n\t\t\t\t\t\r\n\t\t<div  class=\"nuss-swiper nuss-slider-widget\" data-lg-items=\"3\" data-loop=\"1\" data-simulate-touch=\"1\" data-speed=\"1000\" data-effect=\"slide\">\r\n\t\t\t<div class=\"swiper-inner\">\r\n\r\n\t\t\t\t\r\n\t\t\t\t<div class=\"swiper-container swiper\">\r\n\t\t\t\t\t<div class=\"swiper-wrapper\">\r\n\t\t\t\t\t\t\t\t\t<div class=\"swiper-slide\">\r\n\t\t\t\t<div class=\"image\">\r\n\t\t\t\t\t<img decoding=\"async\"  src=\"https:\/\/www.artsoulgroup.com\/portoas1829hotel\/wp-content\/uploads\/sites\/4\/2023\/11\/websitev1.jpg\" alt=\"fim de ano Galeria do Largo\" \/>\t\t\t\t<\/div>\r\n\t\t\t<\/div>\r\n\t\t\t\t\t\t<div class=\"swiper-slide\">\r\n\t\t\t\t<div class=\"image\">\r\n\t\t\t\t\t<img decoding=\"async\"  src=\"https:\/\/www.artsoulgroup.com\/portoas1829hotel\/wp-content\/uploads\/sites\/4\/2024\/06\/4-1024x684.jpg\" alt=\"Restaurante Galeria do Largo Lounge\" \/>\t\t\t\t<\/div>\r\n\t\t\t<\/div>\r\n\t\t\t\t\t\t<div class=\"swiper-slide\">\r\n\t\t\t\t<div class=\"image\">\r\n\t\t\t\t\t<img decoding=\"async\"  src=\"https:\/\/www.artsoulgroup.com\/portoas1829hotel\/wp-content\/uploads\/sites\/4\/2023\/11\/1.jpg\" alt=\"Passagem de ano no Galeria do Largo\" \/>\t\t\t\t<\/div>\r\n\t\t\t<\/div>\r\n\t\t\t\t\t\t\t\t<\/div>\r\n\t\t\t\t<\/div>\r\n\r\n\t\t\t\t\r\n\t\t\t<\/div>\r\n\t\t<\/div>\r\n\t\t\t\t\t\t<\/div>\n\t\t\t\t<\/div>\n\t\t\t\t\t<\/div>\n\t\t<\/div>\n\t\t\t\t\t<\/div>\n\t\t<\/section>\n\t\t\t\t<\/div>\n\t\t","protected":false},"excerpt":{"rendered":"<p>https:\/\/www.artsoulgroup.com\/portoas1829hotel\/wp-content\/uploads\/videos\/pda-galeria-2023.mp4#t=,21 LE NOUVEL AN EST PRESQUE L\u00c0 ! Cette ann\u00e9e, votre r\u00e9veillon est chez Galeria do Largo ! La fin de l&#8217;ann\u00e9e est l&#8217;occasion de prendre des r\u00e9solutions, mais aussi de renouer des liens avec des personnes sp\u00e9ciales dans des espaces sp\u00e9ciaux. Le nouvel an Carte 31 D\u00e9cembre 202519h30 Verre de bienvenue Jus d&#8217;orange frais, [&hellip;]<\/p>\n","protected":false},"author":2,"featured_media":1422,"parent":0,"menu_order":0,"comment_status":"closed","ping_status":"closed","template":"","meta":{"footnotes":""},"class_list":["post-1587","page","type-page","status-publish","has-post-thumbnail","hentry"],"yoast_head":"<!-- This site is optimized with the Yoast SEO plugin v27.4 - https:\/\/yoast.com\/product\/yoast-seo-wordpress\/ -->\n<title>Le Nouvel An chez Galeria do Largo - Porto A.S.1829 Hotel<\/title>\n<meta name=\"description\" content=\"C\u00e9l\u00e9brez le Nouvel An \u00e0 Porto, Portugal.\" \/>\n<meta name=\"robots\" content=\"index, follow, max-snippet:-1, max-image-preview:large, max-video-preview:-1\" \/>\n<link rel=\"canonical\" href=\"https:\/\/www.artsoulgroup.com\/portoas1829hotel\/fr\/le-nouvel-an-chez-galeria-do-largo\/\" \/>\n<meta property=\"og:locale\" content=\"pt_PT\" \/>\n<meta property=\"og:type\" content=\"article\" \/>\n<meta property=\"og:title\" content=\"Le Nouvel An chez Galeria do Largo - Porto A.S.1829 Hotel\" \/>\n<meta property=\"og:description\" content=\"C\u00e9l\u00e9brez le Nouvel An \u00e0 Porto, Portugal.\" \/>\n<meta property=\"og:url\" content=\"https:\/\/www.artsoulgroup.com\/portoas1829hotel\/fr\/le-nouvel-an-chez-galeria-do-largo\/\" \/>\n<meta property=\"og:site_name\" content=\"Porto A.S.1829 Hotel\" \/>\n<meta property=\"article:modified_time\" content=\"2025-12-22T13:32:45+00:00\" \/>\n<meta property=\"og:image\" content=\"https:\/\/www.artsoulgroup.com\/portoas1829hotel\/wp-content\/uploads\/sites\/4\/2022\/12\/pda-porto-2022.jpg\" \/>\n\t<meta property=\"og:image:width\" content=\"1920\" \/>\n\t<meta property=\"og:image:height\" content=\"1282\" \/>\n\t<meta property=\"og:image:type\" content=\"image\/jpeg\" \/>\n<meta name=\"twitter:card\" content=\"summary_large_image\" \/>\n<meta name=\"twitter:label1\" content=\"Tempo estimado de leitura\" \/>\n\t<meta name=\"twitter:data1\" content=\"6 minutos\" \/>\n<script type=\"application\/ld+json\" class=\"yoast-schema-graph\">{\"@context\":\"https:\\\/\\\/schema.org\",\"@graph\":[{\"@type\":\"WebPage\",\"@id\":\"https:\\\/\\\/www.artsoulgroup.com\\\/portoas1829hotel\\\/fr\\\/le-nouvel-an-chez-galeria-do-largo\\\/\",\"url\":\"https:\\\/\\\/www.artsoulgroup.com\\\/portoas1829hotel\\\/fr\\\/le-nouvel-an-chez-galeria-do-largo\\\/\",\"name\":\"Le Nouvel An chez Galeria do Largo - Porto A.S.1829 Hotel\",\"isPartOf\":{\"@id\":\"https:\\\/\\\/www.artsoulgroup.com\\\/portoas1829hotel\\\/#website\"},\"primaryImageOfPage\":{\"@id\":\"https:\\\/\\\/www.artsoulgroup.com\\\/portoas1829hotel\\\/fr\\\/le-nouvel-an-chez-galeria-do-largo\\\/#primaryimage\"},\"image\":{\"@id\":\"https:\\\/\\\/www.artsoulgroup.com\\\/portoas1829hotel\\\/fr\\\/le-nouvel-an-chez-galeria-do-largo\\\/#primaryimage\"},\"thumbnailUrl\":\"https:\\\/\\\/www.artsoulgroup.com\\\/portoas1829hotel\\\/wp-content\\\/uploads\\\/sites\\\/4\\\/2022\\\/12\\\/pda-porto-2022.jpg\",\"datePublished\":\"2022-12-09T15:49:50+00:00\",\"dateModified\":\"2025-12-22T13:32:45+00:00\",\"description\":\"C\u00e9l\u00e9brez le Nouvel An \u00e0 Porto, Portugal.\",\"breadcrumb\":{\"@id\":\"https:\\\/\\\/www.artsoulgroup.com\\\/portoas1829hotel\\\/fr\\\/le-nouvel-an-chez-galeria-do-largo\\\/#breadcrumb\"},\"inLanguage\":\"pt-PT\",\"potentialAction\":[{\"@type\":\"ReadAction\",\"target\":[\"https:\\\/\\\/www.artsoulgroup.com\\\/portoas1829hotel\\\/fr\\\/le-nouvel-an-chez-galeria-do-largo\\\/\"]}]},{\"@type\":\"ImageObject\",\"inLanguage\":\"pt-PT\",\"@id\":\"https:\\\/\\\/www.artsoulgroup.com\\\/portoas1829hotel\\\/fr\\\/le-nouvel-an-chez-galeria-do-largo\\\/#primaryimage\",\"url\":\"https:\\\/\\\/www.artsoulgroup.com\\\/portoas1829hotel\\\/wp-content\\\/uploads\\\/sites\\\/4\\\/2022\\\/12\\\/pda-porto-2022.jpg\",\"contentUrl\":\"https:\\\/\\\/www.artsoulgroup.com\\\/portoas1829hotel\\\/wp-content\\\/uploads\\\/sites\\\/4\\\/2022\\\/12\\\/pda-porto-2022.jpg\",\"width\":1920,\"height\":1282,\"caption\":\"Passagem de Ano no Porto 2022\"},{\"@type\":\"BreadcrumbList\",\"@id\":\"https:\\\/\\\/www.artsoulgroup.com\\\/portoas1829hotel\\\/fr\\\/le-nouvel-an-chez-galeria-do-largo\\\/#breadcrumb\",\"itemListElement\":[{\"@type\":\"ListItem\",\"position\":1,\"name\":\"In\u00edcio\",\"item\":\"https:\\\/\\\/www.artsoulgroup.com\\\/portoas1829hotel\\\/\"},{\"@type\":\"ListItem\",\"position\":2,\"name\":\"Le Nouvel An chez Galeria do Largo\"}]},{\"@type\":\"WebSite\",\"@id\":\"https:\\\/\\\/www.artsoulgroup.com\\\/portoas1829hotel\\\/#website\",\"url\":\"https:\\\/\\\/www.artsoulgroup.com\\\/portoas1829hotel\\\/\",\"name\":\"Porto A.S.1829 Hotel\",\"description\":\"Boutique Hotel no centro do Porto\",\"potentialAction\":[{\"@type\":\"SearchAction\",\"target\":{\"@type\":\"EntryPoint\",\"urlTemplate\":\"https:\\\/\\\/www.artsoulgroup.com\\\/portoas1829hotel\\\/?s={search_term_string}\"},\"query-input\":{\"@type\":\"PropertyValueSpecification\",\"valueRequired\":true,\"valueName\":\"search_term_string\"}}],\"inLanguage\":\"pt-PT\"}]}<\/script>\n<!-- \/ Yoast SEO plugin. -->","yoast_head_json":{"title":"Le Nouvel An chez Galeria do Largo - Porto A.S.1829 Hotel","description":"C\u00e9l\u00e9brez le Nouvel An \u00e0 Porto, Portugal.","robots":{"index":"index","follow":"follow","max-snippet":"max-snippet:-1","max-image-preview":"max-image-preview:large","max-video-preview":"max-video-preview:-1"},"canonical":"https:\/\/www.artsoulgroup.com\/portoas1829hotel\/fr\/le-nouvel-an-chez-galeria-do-largo\/","og_locale":"pt_PT","og_type":"article","og_title":"Le Nouvel An chez Galeria do Largo - Porto A.S.1829 Hotel","og_description":"C\u00e9l\u00e9brez le Nouvel An \u00e0 Porto, Portugal.","og_url":"https:\/\/www.artsoulgroup.com\/portoas1829hotel\/fr\/le-nouvel-an-chez-galeria-do-largo\/","og_site_name":"Porto A.S.1829 Hotel","article_modified_time":"2025-12-22T13:32:45+00:00","og_image":[{"width":1920,"height":1282,"url":"https:\/\/www.artsoulgroup.com\/portoas1829hotel\/wp-content\/uploads\/sites\/4\/2022\/12\/pda-porto-2022.jpg","type":"image\/jpeg"}],"twitter_card":"summary_large_image","twitter_misc":{"Tempo estimado de leitura":"6 minutos"},"schema":{"@context":"https:\/\/schema.org","@graph":[{"@type":"WebPage","@id":"https:\/\/www.artsoulgroup.com\/portoas1829hotel\/fr\/le-nouvel-an-chez-galeria-do-largo\/","url":"https:\/\/www.artsoulgroup.com\/portoas1829hotel\/fr\/le-nouvel-an-chez-galeria-do-largo\/","name":"Le Nouvel An chez Galeria do Largo - Porto A.S.1829 Hotel","isPartOf":{"@id":"https:\/\/www.artsoulgroup.com\/portoas1829hotel\/#website"},"primaryImageOfPage":{"@id":"https:\/\/www.artsoulgroup.com\/portoas1829hotel\/fr\/le-nouvel-an-chez-galeria-do-largo\/#primaryimage"},"image":{"@id":"https:\/\/www.artsoulgroup.com\/portoas1829hotel\/fr\/le-nouvel-an-chez-galeria-do-largo\/#primaryimage"},"thumbnailUrl":"https:\/\/www.artsoulgroup.com\/portoas1829hotel\/wp-content\/uploads\/sites\/4\/2022\/12\/pda-porto-2022.jpg","datePublished":"2022-12-09T15:49:50+00:00","dateModified":"2025-12-22T13:32:45+00:00","description":"C\u00e9l\u00e9brez le Nouvel An \u00e0 Porto, Portugal.","breadcrumb":{"@id":"https:\/\/www.artsoulgroup.com\/portoas1829hotel\/fr\/le-nouvel-an-chez-galeria-do-largo\/#breadcrumb"},"inLanguage":"pt-PT","potentialAction":[{"@type":"ReadAction","target":["https:\/\/www.artsoulgroup.com\/portoas1829hotel\/fr\/le-nouvel-an-chez-galeria-do-largo\/"]}]},{"@type":"ImageObject","inLanguage":"pt-PT","@id":"https:\/\/www.artsoulgroup.com\/portoas1829hotel\/fr\/le-nouvel-an-chez-galeria-do-largo\/#primaryimage","url":"https:\/\/www.artsoulgroup.com\/portoas1829hotel\/wp-content\/uploads\/sites\/4\/2022\/12\/pda-porto-2022.jpg","contentUrl":"https:\/\/www.artsoulgroup.com\/portoas1829hotel\/wp-content\/uploads\/sites\/4\/2022\/12\/pda-porto-2022.jpg","width":1920,"height":1282,"caption":"Passagem de Ano no Porto 2022"},{"@type":"BreadcrumbList","@id":"https:\/\/www.artsoulgroup.com\/portoas1829hotel\/fr\/le-nouvel-an-chez-galeria-do-largo\/#breadcrumb","itemListElement":[{"@type":"ListItem","position":1,"name":"In\u00edcio","item":"https:\/\/www.artsoulgroup.com\/portoas1829hotel\/"},{"@type":"ListItem","position":2,"name":"Le Nouvel An chez Galeria do Largo"}]},{"@type":"WebSite","@id":"https:\/\/www.artsoulgroup.com\/portoas1829hotel\/#website","url":"https:\/\/www.artsoulgroup.com\/portoas1829hotel\/","name":"Porto A.S.1829 Hotel","description":"Boutique Hotel no centro do Porto","potentialAction":[{"@type":"SearchAction","target":{"@type":"EntryPoint","urlTemplate":"https:\/\/www.artsoulgroup.com\/portoas1829hotel\/?s={search_term_string}"},"query-input":{"@type":"PropertyValueSpecification","valueRequired":true,"valueName":"search_term_string"}}],"inLanguage":"pt-PT"}]}},"_links":{"self":[{"href":"https:\/\/www.artsoulgroup.com\/portoas1829hotel\/wp-json\/wp\/v2\/pages\/1587","targetHints":{"allow":["GET"]}}],"collection":[{"href":"https:\/\/www.artsoulgroup.com\/portoas1829hotel\/wp-json\/wp\/v2\/pages"}],"about":[{"href":"https:\/\/www.artsoulgroup.com\/portoas1829hotel\/wp-json\/wp\/v2\/types\/page"}],"author":[{"embeddable":true,"href":"https:\/\/www.artsoulgroup.com\/portoas1829hotel\/wp-json\/wp\/v2\/users\/2"}],"replies":[{"embeddable":true,"href":"https:\/\/www.artsoulgroup.com\/portoas1829hotel\/wp-json\/wp\/v2\/comments?post=1587"}],"version-history":[{"count":0,"href":"https:\/\/www.artsoulgroup.com\/portoas1829hotel\/wp-json\/wp\/v2\/pages\/1587\/revisions"}],"wp:featuredmedia":[{"embeddable":true,"href":"https:\/\/www.artsoulgroup.com\/portoas1829hotel\/wp-json\/wp\/v2\/media\/1422"}],"wp:attachment":[{"href":"https:\/\/www.artsoulgroup.com\/portoas1829hotel\/wp-json\/wp\/v2\/media?parent=1587"}],"curies":[{"name":"wp","href":"https:\/\/api.w.org\/{rel}","templated":true}]}}